{"id":122,"date":"2017-06-25T22:11:51","date_gmt":"2017-06-25T22:11:51","guid":{"rendered":"http:\/\/finisterre.lasalle.es\/?page_id=122"},"modified":"2018-05-29T20:40:42","modified_gmt":"2018-05-29T20:40:42","slug":"casa-escuela-de-bazar","status":"publish","type":"page","link":"https:\/\/finisterre.lasalle.es\/?page_id=122","title":{"rendered":"Casa-Escuela de Bazar"},"content":{"rendered":"<table>\n<tbody>\n<tr>\n<td>Nombre:<\/td>\n<td><strong>Casa-Escuela de Bazar<\/strong><\/td>\n<\/tr>\n<tr>\n<td>Lugar:<\/td>\n<td>Bazar de Santa Comba (A Coru\u00f1a)<\/td>\n<\/tr>\n<tr>\n<td>Objetivo:<\/td>\n<td>\n<p><em>Comunidad de inserci\u00f3n en el medio rural, trabajo con las familias del entorno en la agricultura y ganader\u00eda. <\/em><\/p>\n<p><em>Una jornada de colaboraci\u00f3n con la Comunidad Terap\u00e9utica de Proyecto Hombre.<\/em><\/p>\n<p>Trabajo con la comunidad parroquial de los pueblos del entorno y tarde de juegos con ni\u00f1os.<\/td>\n<\/tr>\n<tr>\n<td>Organizan:<\/td>\n<td>Compa\u00f1\u00eda de Mar\u00eda y Proxecto Home.<\/td>\n<\/tr>\n<tr>\n<td>Pueden participar:<\/td>\n<td><strong>6 chicos\/as + 1 animador<\/strong><\/td>\n<\/tr>\n<tr>\n<td>M\u00e1s informaci\u00f3n:<\/td>\n<td><a href=\"http:\/\/proxectohome.org\">http:\/\/proxectohome.org<\/a><\/td>\n<\/tr>\n<tr>\n<\/tr>\n<\/tbody>\n<\/table>\n<h4>Galer\u00eda de im\u00e1genes<\/h4>\n<div id='gallery-1' class='gallery galleryid-122 gallery-columns-3 gallery-size-thumbnail'><figure class='gallery-item'>\n\t\t\t<div class='gallery-icon landscape'>\n\t\t\t\t<a href='https:\/\/finisterre.lasalle.es\/wp-content\/uploads\/2017\/06\/IMG_3997.jpg'><img loading=\"lazy\" decoding=\"async\" width=\"150\" height=\"150\" src=\"https:\/\/finisterre.lasalle.es\/wp-content\/uploads\/2017\/06\/IMG_3997-150x150.jpg\" class=\"attachment-thumbnail size-thumbnail\" alt=\"\" srcset=\"https:\/\/finisterre.lasalle.es\/wp-content\/uploads\/2017\/06\/IMG_3997-150x150.jpg 150w, https:\/\/finisterre.lasalle.es\/wp-content\/uploads\/2017\/06\/IMG_3997-100x100.jpg 100w\" sizes=\"auto, 100vw\" \/><\/a>\n\t\t\t<\/div><\/figure><figure class='gallery-item'>\n\t\t\t<div class='gallery-icon landscape'>\n\t\t\t\t<a href='https:\/\/finisterre.lasalle.es\/wp-content\/uploads\/2017\/06\/visita-cifp-Lamas-de-Abade.jpeg'><img loading=\"lazy\" decoding=\"async\" width=\"150\" height=\"150\" src=\"https:\/\/finisterre.lasalle.es\/wp-content\/uploads\/2017\/06\/visita-cifp-Lamas-de-Abade-150x150.jpeg\" class=\"attachment-thumbnail size-thumbnail\" alt=\"\" srcset=\"https:\/\/finisterre.lasalle.es\/wp-content\/uploads\/2017\/06\/visita-cifp-Lamas-de-Abade-150x150.jpeg 150w, https:\/\/finisterre.lasalle.es\/wp-content\/uploads\/2017\/06\/visita-cifp-Lamas-de-Abade-100x100.jpeg 100w\" sizes=\"auto, 100vw\" \/><\/a>\n\t\t\t<\/div><\/figure><figure class='gallery-item'>\n\t\t\t<div class='gallery-icon landscape'>\n\t\t\t\t<a href='https:\/\/finisterre.lasalle.es\/wp-content\/uploads\/2017\/06\/202511.jpeg'><img loading=\"lazy\" decoding=\"async\" width=\"150\" height=\"150\" src=\"https:\/\/finisterre.lasalle.es\/wp-content\/uploads\/2017\/06\/202511-150x150.jpeg\" class=\"attachment-thumbnail size-thumbnail\" alt=\"\" srcset=\"https:\/\/finisterre.lasalle.es\/wp-content\/uploads\/2017\/06\/202511-150x150.jpeg 150w, https:\/\/finisterre.lasalle.es\/wp-content\/uploads\/2017\/06\/202511-100x100.jpeg 100w\" sizes=\"auto, 100vw\" \/><\/a>\n\t\t\t<\/div><\/figure><figure class='gallery-item'>\n\t\t\t<div class='gallery-icon landscape'>\n\t\t\t\t<a href='https:\/\/finisterre.lasalle.es\/wp-content\/uploads\/2017\/06\/IMG_3992.jpg'><img loading=\"lazy\" decoding=\"async\" width=\"150\" height=\"150\" src=\"https:\/\/finisterre.lasalle.es\/wp-content\/uploads\/2017\/06\/IMG_3992-150x150.jpg\" class=\"attachment-thumbnail size-thumbnail\" alt=\"\" srcset=\"https:\/\/finisterre.lasalle.es\/wp-content\/uploads\/2017\/06\/IMG_3992-150x150.jpg 150w, https:\/\/finisterre.lasalle.es\/wp-content\/uploads\/2017\/06\/IMG_3992-100x100.jpg 100w\" sizes=\"auto, 100vw\" \/><\/a>\n\t\t\t<\/div><\/figure><figure class='gallery-item'>\n\t\t\t<div class='gallery-icon landscape'>\n\t\t\t\t<a href='https:\/\/finisterre.lasalle.es\/wp-content\/uploads\/2017\/06\/IMG_4001.jpg'><img loading=\"lazy\" decoding=\"async\" width=\"150\" height=\"150\" src=\"https:\/\/finisterre.lasalle.es\/wp-content\/uploads\/2017\/06\/IMG_4001-150x150.jpg\" class=\"attachment-thumbnail size-thumbnail\" alt=\"\" srcset=\"https:\/\/finisterre.lasalle.es\/wp-content\/uploads\/2017\/06\/IMG_4001-150x150.jpg 150w, https:\/\/finisterre.lasalle.es\/wp-content\/uploads\/2017\/06\/IMG_4001-100x100.jpg 100w\" sizes=\"auto, 100vw\" \/><\/a>\n\t\t\t<\/div><\/figure><figure class='gallery-item'>\n\t\t\t<div class='gallery-icon landscape'>\n\t\t\t\t<a href='https:\/\/finisterre.lasalle.es\/wp-content\/uploads\/2017\/06\/IMG_3999.jpg'><img loading=\"lazy\" decoding=\"async\" width=\"150\" height=\"150\" src=\"https:\/\/finisterre.lasalle.es\/wp-content\/uploads\/2017\/06\/IMG_3999-150x150.jpg\" class=\"attachment-thumbnail size-thumbnail\" alt=\"\" srcset=\"https:\/\/finisterre.lasalle.es\/wp-content\/uploads\/2017\/06\/IMG_3999-150x150.jpg 150w, https:\/\/finisterre.lasalle.es\/wp-content\/uploads\/2017\/06\/IMG_3999-100x100.jpg 100w\" sizes=\"auto, 100vw\" \/><\/a>\n\t\t\t<\/div><\/figure>\n\t\t<\/div>\n\n<h4>Localizaci\u00f3n<\/h4>\n<p><iframe loading=\"lazy\" style=\"border: 0;\" src=\"https:\/\/www.google.com\/maps\/embed?pb=!1m18!1m12!1m3!1d2914.636040290497!2d-8.725471484521078!3d43.070121779145516!2m3!1f0!2f0!3f0!3m2!1i1024!2i768!4f13.1!3m3!1m2!1s0x0%3A0x0!2zNDPCsDA0JzEyLjQiTiA4wrA0MycyMy44Ilc!5e0!3m2!1ses!2sus!4v1498459194517\" width=\"600\" height=\"450\" frameborder=\"0\" allowfullscreen=\"allowfullscreen\"><\/iframe><\/p>\n","protected":false},"excerpt":{"rendered":"<p>Nombre: Casa-Escuela de Bazar Lugar: Bazar de Santa Comba (A Coru\u00f1a) Objetivo: Comunidad de inserci\u00f3n en el medio rural, trabajo con las familias del entorno en la agricultura y ganader\u00eda. Una jornada de colaboraci\u00f3n con la Comunidad Terap\u00e9utica de Proyecto Hombre. Trabajo con la comunidad parroquial de los pueblos del entorno y tarde de juegos &hellip; <\/p>\n<p class=\"link-more\"><a href=\"https:\/\/finisterre.lasalle.es\/?page_id=122\" class=\"more-link\">Continuar leyendo<span class=\"screen-reader-text\"> \u00abCasa-Escuela de Bazar\u00bb<\/span><\/a><\/p>\n","protected":false},"author":2,"featured_media":139,"parent":91,"menu_order":0,"comment_status":"closed","ping_status":"closed","template":"","meta":{"footnotes":""},"class_list":["post-122","page","type-page","status-publish","has-post-thumbnail","hentry"],"_links":{"self":[{"href":"https:\/\/finisterre.lasalle.es\/index.php?rest_route=\/wp\/v2\/pages\/122","targetHints":{"allow":["GET"]}}],"collection":[{"href":"https:\/\/finisterre.lasalle.es\/index.php?rest_route=\/wp\/v2\/pages"}],"about":[{"href":"https:\/\/finisterre.lasalle.es\/index.php?rest_route=\/wp\/v2\/types\/page"}],"author":[{"embeddable":true,"href":"https:\/\/finisterre.lasalle.es\/index.php?rest_route=\/wp\/v2\/users\/2"}],"replies":[{"embeddable":true,"href":"https:\/\/finisterre.lasalle.es\/index.php?rest_route=%2Fwp%2Fv2%2Fcomments&post=122"}],"version-history":[{"count":7,"href":"https:\/\/finisterre.lasalle.es\/index.php?rest_route=\/wp\/v2\/pages\/122\/revisions"}],"predecessor-version":[{"id":524,"href":"https:\/\/finisterre.lasalle.es\/index.php?rest_route=\/wp\/v2\/pages\/122\/revisions\/524"}],"up":[{"embeddable":true,"href":"https:\/\/finisterre.lasalle.es\/index.php?rest_route=\/wp\/v2\/pages\/91"}],"wp:featuredmedia":[{"embeddable":true,"href":"https:\/\/finisterre.lasalle.es\/index.php?rest_route=\/wp\/v2\/media\/139"}],"wp:attachment":[{"href":"https:\/\/finisterre.lasalle.es\/index.php?rest_route=%2Fwp%2Fv2%2Fmedia&parent=122"}],"curies":[{"name":"wp","href":"https:\/\/api.w.org\/{rel}","templated":true}]}}